{"id":224707,"date":"2024-11-07T14:44:03","date_gmt":"2024-11-07T14:44:03","guid":{"rendered":"https:\/\/redesnuevafrontera.org.ar\/?page_id=224707"},"modified":"2024-11-08T14:55:08","modified_gmt":"2024-11-08T14:55:08","slug":"se-realizo-el-2o-encuentro-nacional-de-la-alianza-contra-el-estigma-y-la-discriminacion-asociadas-al-vih","status":"publish","type":"page","link":"https:\/\/redesnuevafrontera.org.ar\/?page_id=224707","title":{"rendered":"Se realiz\u00f3 el 2\u00ba Encuentro Nacional de la Alianza contra el estigma y la discriminaci\u00f3n asociadas al VIH"},"content":{"rendered":"\n<p><\/p>\n\n\n\n<p>El 30 de octubre pasado comenz\u00f3 a desarrollarse en Buenos Aires el 2\u00ba Encuentro Nacional de la Alianza contra el estigma y la discriminaci\u00f3n asociadas al VIH. Este evento, del que participaron diversas Organizaciones de la Sociedad Civil, busca que las organizaciones de la sociedad civil re\u00fanan sus esfuerzos, se fortalezcan en la formaci\u00f3n y discutan las acciones a desarrollar. Fue una oportunidad para aprovechar el poder combinado de los gobiernos, la sociedad civil, los donantes bilaterales y los multilaterales, el mundo acad\u00e9mico y las Naciones Unidades para relegar a la historia el estigma  y la discriminaci\u00f3n relacionados con el VIH.<\/p>\n\n\n\n<p>Desde Asociaci\u00f3n Redes Nueva Frontera nos comprometimos a seguir realizando acciones para disminuir los niveles de estigma y discriminaci\u00f3n como venimos haciendo desde hace 25 a\u00f1os y sumar nuevos actores de la regi\u00f3n Cuyo.<\/p>\n\n\n\n<p><\/p>\n\n\n\n<p> <\/p>\n","protected":false},"excerpt":{"rendered":"<p>El 30 de octubre pasado comenz\u00f3 a desarrollarse en Buenos Aires el 2\u00ba Encuentro Nacional de la Alianza contra el estigma y la discriminaci\u00f3n asociadas al VIH. Este evento, del que participaron diversas Organizaciones de la Sociedad Civil, busca que las organizaciones de la sociedad civil re\u00fanan sus esfuerzos, se fortalezcan en la formaci\u00f3n y [&hellip;]<\/p>\n","protected":false},"author":1,"featured_media":0,"parent":0,"menu_order":0,"comment_status":"closed","ping_status":"closed","template":"","meta":{"_et_pb_use_builder":"","_et_pb_old_content":"","_et_gb_content_width":""},"_links":{"self":[{"href":"https:\/\/redesnuevafrontera.org.ar\/index.php?rest_route=\/wp\/v2\/pages\/224707"}],"collection":[{"href":"https:\/\/redesnuevafrontera.org.ar\/index.php?rest_route=\/wp\/v2\/pages"}],"about":[{"href":"https:\/\/redesnuevafrontera.org.ar\/index.php?rest_route=\/wp\/v2\/types\/page"}],"author":[{"embeddable":true,"href":"https:\/\/redesnuevafrontera.org.ar\/index.php?rest_route=\/wp\/v2\/users\/1"}],"replies":[{"embeddable":true,"href":"https:\/\/redesnuevafrontera.org.ar\/index.php?rest_route=%2Fwp%2Fv2%2Fcomments&post=224707"}],"version-history":[{"count":2,"href":"https:\/\/redesnuevafrontera.org.ar\/index.php?rest_route=\/wp\/v2\/pages\/224707\/revisions"}],"predecessor-version":[{"id":224711,"href":"https:\/\/redesnuevafrontera.org.ar\/index.php?rest_route=\/wp\/v2\/pages\/224707\/revisions\/224711"}],"wp:attachment":[{"href":"https:\/\/redesnuevafrontera.org.ar\/index.php?rest_route=%2Fwp%2Fv2%2Fmedia&parent=224707"}],"curies":[{"name":"wp","href":"https:\/\/api.w.org\/{rel}","templated":true}]}}